{"id":101,"date":"2023-09-03T18:58:18","date_gmt":"2023-09-03T16:58:18","guid":{"rendered":"http:\/\/poumonvertsaintmitre.fr\/?page_id=101"},"modified":"2026-02-05T16:27:58","modified_gmt":"2026-02-05T15:27:58","slug":"lassociation-2","status":"publish","type":"page","link":"https:\/\/poumonvertsaintmitre.fr\/index.php\/lassociation-2\/","title":{"rendered":"L&rsquo;Association"},"content":{"rendered":"\n<p>__________________________________<\/p>\n\n\n\n<p><strong>L\u2019association \u00ab Pour la Sauvegarde et l\u2019Animation du Poumon Vert de Saint Mitre \u00bb est une association de d\u00e9fense de l\u2019Environnement, aux statuts d\u00e9pos\u00e9s en Pr\u00e9fecture le 28 avril 2015, qui a pour but de f\u00e9d\u00e9rer toutes les personnes souhaitant pr\u00e9server, prot\u00e9ger et sauvegarder l\u2019environnement menac\u00e9.<\/strong><\/p>\n\n\n\n<p><strong>Son champ territorial d\u2019action porte sur la zone du Poumon Vert du quartier de Saint Mitre dans le 13\u00e8me arrondissement de Marseille, ainsi que sur le territoire de la M\u00e9tropole Aix-Marseille Provence.<\/strong><\/p>\n\n\n\n<p><strong>L\u2019association apporte des r\u00e9ponses, et\/ou propose des solutions alternatives chaque fois que n\u00e9cessaire, lorsque l\u2019environnement, le syst\u00e8me \u00e9cologique faune et flore, ainsi que l\u2019am\u00e9nagement durable du territoire pourraient se trouver menac\u00e9s par toute forme de pollution ou d\u2019urbanisation inad\u00e9quate.<\/strong><\/p>\n\n\n\n<p><strong>\u00c0 ce titre, l\u2019association \u00ab&nbsp;Pour la Sauvegarde et l\u2019Animation du Poumon Vert de Saint Mitre&nbsp;\u00bb utilise tout moyen qu\u2019elle juge opportun afin de se faire conna\u00eetre, en organisant des r\u00e9unions, des conf\u00e9rences, des publications ou des manifestations.<br>Pour atteindre ses objectifs, l\u2019association \u00ab&nbsp;Pour la Sauvegarde et l\u2019Animation du Poumon Vert de Saint Mitre&nbsp;\u00bb, utilise tous les moyens l\u00e9gaux, y compris l\u2019action en justice.<\/strong><\/p>\n\n\n\n<p><strong><span style=\"text-decoration: underline;\">Composition du Conseil d\u2019Administration :<\/span><\/strong><\/p>\n\n\n\n<p><strong>Pr\u00e9sident : Philippe MUSARELLA<\/strong><\/p>\n\n\n\n<p><strong>Secr\u00e9taire : Caroline CARPINE<\/strong><\/p>\n\n\n\n<p><strong>Tr\u00e9sori\u00e8re : H\u00e9l\u00e8ne JEAN<\/strong><\/p>\n\n\n\n<p><strong>Administrateurs : Fran\u00e7oise MARTZEL, Nicole COLSON, Philip SION<\/strong><\/p>\n\n\n\n<p><strong>Nos combats (consultez nos combats actuels dans le menu de droite) :<\/strong><\/p>\n\n\n\n<hr class=\"wp-block-separator has-alpha-channel-opacity\"\/>\n\n\n\n<ul class=\"wp-block-list\">\n<li><strong>Notre premier combat a \u00e9t\u00e9 de faire annuler le projet LINEA (Liaison Nord Est de<\/strong> <strong>l\u2019Agglom\u00e9ration marseillaise) d\u2019abord par le Tribunal Administratif de Marseille le 14 03<\/strong> <strong>2019, puis par la Cour administrative d\u2019appel le 30 09 2020, qui ont reconnu le caract\u00e8re<\/strong> <strong>d\u2019INUTILITE PUBLIQUE de ce boulevard urbain o\u00f9 devaient circuler 30 000 voitures par<\/strong> <strong>jour (<\/strong><a href=\"https:\/\/drive.google.com\/drive\/folders\/1cp1oY1MpH91twyLNX-fr-EWR_aLsUaOb?usp=sharing\" target=\"_blank\" rel=\"noreferrer noopener\"><strong>consulter le dossier ici<\/strong><\/a><strong>).<\/strong> <strong>Depuis, nous menons le combat de demande de suppression des emplacements r\u00e9serv\u00e9s pour l\u2019ex LINEA (retoqu\u00e9e par les tribunaux), afin de ne pas voir resurgir un nouveau projet routier sur ces emplacements encore r\u00e9serv\u00e9s pour une voirie dans l\u2019actuel PLUi. Le 21 02 2025, le Tribunal administratif (TA) a ordonn\u00e9 \u00e0 la M\u00e9tropole de supprimer les emplacements r\u00e9serv\u00e9s dans un d\u00e9lai de quatre mois. La M\u00e9tropole n\u2019a pas fait appel. Toutefois, la M\u00e9tropole n\u2019a pas appliqu\u00e9 la d\u00e9cision du TA et a maintenu volontairement ces emplacements dans la modification n\u00b04 du PLUi adopt\u00e9e le 6 10 2025&nbsp;; le contentieux se poursuit. (<\/strong><a href=\"https:\/\/drive.google.com\/drive\/folders\/1NSckh9Yk8aPI1U_Xdt5Gz0A-hoNTvM_d?usp=drive_link\" target=\"_blank\" rel=\"noreferrer noopener\"><strong>consulter le dossier ici<\/strong><\/a><strong>)<\/strong><\/li>\n<\/ul>\n\n\n\n<hr class=\"wp-block-separator has-alpha-channel-opacity\"\/>\n\n\n\n<ul class=\"wp-block-list\">\n<li><strong>Depuis 2015, notre association s\u2019est voulu \u00eatre force de proposition en faisant la promotion du projet de \u00ab Tramway des collines \u00bb qui relierait l\u2019H\u00f4pital Nord \u00e0 La Barasse \u00e0 l\u2019Est, venant compl\u00e9ter le maillage actuel des tramways marseillais existant et \u00e0 venir (<\/strong><a href=\"https:\/\/letramwaydescollines.fr\/\" target=\"_blank\" rel=\"noreferrer noopener\"><strong>consulter le dossier ici<\/strong><\/a><strong>)<\/strong><\/li>\n<\/ul>\n\n\n\n<hr class=\"wp-block-separator has-alpha-channel-opacity\"\/>\n\n\n\n<ul class=\"wp-block-list\">\n<li><strong>En mati\u00e8re de mobilit\u00e9 douce, nous faisons la promotion de la Via Ath\u00e9na; il s\u2019agit d\u2019une voie verte depuis les Aygalades au Nord jusqu\u2019\u00e0 Saint Menet\/la Valentine \u00e0 l\u2019Est, passant sur des anciens emplacements r\u00e9serv\u00e9s (U4d) ou encore r\u00e9serv\u00e9s (ex LINEA, RD4d), ou pas , uniquement consacr\u00e9e au v\u00e9lo, aux pi\u00e9tons, sans aucune voiture associ\u00e9e, constituant un parc lin\u00e9aire de 16 km. Nous participons aux ateliers mis en place par la M\u00e9tropole pour b\u00e2tir le second Plan V\u00e9lo m\u00e9tropolitain, lors desquels nous proposons notre trac\u00e9. (<\/strong><a href=\"https:\/\/drive.google.com\/drive\/folders\/1KGbUKKYeiOn8EE9lJIChdXLM7HwxRFYF?usp=drive_link\" target=\"_blank\" rel=\"noreferrer noopener\"><strong>consulter le dossier ici<\/strong><\/a><strong>)<\/strong><\/li>\n<\/ul>\n\n\n\n<hr class=\"wp-block-separator has-alpha-channel-opacity\"\/>\n\n\n\n<ul class=\"wp-block-list\">\n<li><strong>Comme chacun peut le constater les d\u00e9charges ill\u00e9gales sont fr\u00e9quentes dans notre secteur&nbsp;; elles sont le fait de professionnels qui ne respectent pas la r\u00e9glementation ICPE (installations class\u00e9es pour l\u2019environnement) et utilisent des terrains appartenant \u00e0 des collectivit\u00e9s (Conseil d\u00e9partemental 13, Etablissement public Paca, Soleam).<\/strong><\/li>\n<\/ul>\n\n\n\n<p><strong>Nous sommes intervenus, et continuons d\u2019intervenir, pour faire faire des constats d\u2019infractions par la Pr\u00e9fecture, pour faire nettoyer le site, voire pour faire condamner les contrevenants devant les tribunaux.<\/strong><\/p>\n\n\n\n<p><strong>Sont concern\u00e9es les d\u00e9charges ill\u00e9gales suivantes&nbsp;: avenue des P\u00e2querettes en 2018 (<a href=\"https:\/\/drive.google.com\/drive\/folders\/10frU9OtRIVdNesQHhZcXk1j0SpfnpI3-?usp=drive_link\" data-type=\"link\" data-id=\"https:\/\/drive.google.com\/drive\/folders\/10frU9OtRIVdNesQHhZcXk1j0SpfnpI3-?usp=drive_link\" target=\"_blank\" rel=\"noreferrer noopener\">consulter le dossier ici<\/a>), traverse de la Rose en 2021 (<a href=\"https:\/\/drive.google.com\/drive\/folders\/1uD4cEOXdk2ZikmLwjU0B0dJeQSsteHnu?usp=drive_link\" data-type=\"link\" data-id=\"https:\/\/drive.google.com\/drive\/folders\/1uD4cEOXdk2ZikmLwjU0B0dJeQSsteHnu?usp=drive_link\" target=\"_blank\" rel=\"noreferrer noopener\">consulter le dossier ici<\/a>), rue Mi\u00e8ge en 2021 (<a href=\"https:\/\/drive.google.com\/drive\/folders\/19hJg4WE57pCrpTl-JWuWO13zYzBVIke0?usp=drive_link\" data-type=\"link\" data-id=\"https:\/\/drive.google.com\/drive\/folders\/19hJg4WE57pCrpTl-JWuWO13zYzBVIke0?usp=drive_link\" target=\"_blank\" rel=\"noreferrer noopener\">consulter le dossier ici<\/a>), traverse de la Rose en 2023 (<a href=\"https:\/\/drive.google.com\/drive\/folders\/1gqANsj9sVgFfMF_G9382khjSNmDqH_cC?usp=drive_link\" data-type=\"link\" data-id=\"https:\/\/drive.google.com\/drive\/folders\/1gqANsj9sVgFfMF_G9382khjSNmDqH_cC?usp=drive_link\" target=\"_blank\" rel=\"noreferrer noopener\">consulter le dossier ici<\/a>), rue Mi\u00e8ge en 2024 (<a href=\"https:\/\/drive.google.com\/drive\/folders\/1ffSiSu1OL05QfLttqaWqe0q8ujJPRzID?usp=drive_link\" data-type=\"link\" data-id=\"https:\/\/drive.google.com\/drive\/folders\/1ffSiSu1OL05QfLttqaWqe0q8ujJPRzID?usp=drive_link\" target=\"_blank\" rel=\"noreferrer noopener\">consulter le dossier ici<\/a>)<\/strong><\/p>\n\n\n\n<hr class=\"wp-block-separator has-alpha-channel-opacity\"\/>\n\n\n\n<ul class=\"wp-block-list\">\n<li><strong>Nous sommes intervenus pour sauvegarder une esp\u00e8ce prot\u00e9g\u00e9e (chouette chev\u00eache) au sein du technopole de Ch\u00e2teau Gombert, menac\u00e9e par un projet immobilier ayant obtenu un permis de construire; malgr\u00e9 un avertissement de la DREAL en date du 9 06 2021, le promoteur a d\u00e9moli en Ao\u00fbt 2023 l\u2019habitation qui abritait cette esp\u00e8ce ; une plainte a donc \u00e9t\u00e9 d\u00e9pos\u00e9e aupr\u00e8s du Procureur , en association avec la Ligue de Protection des Oiseaux. Le 5 09 2025, le Tribunal Correctionnel de Marseille a condamn\u00e9 le bureau d\u2019\u00e9tude ECOTONIA et a relax\u00e9 le promoteur immobilier au b\u00e9n\u00e9fice du doute. Un appel est en cours. (<\/strong><a href=\"https:\/\/drive.google.com\/drive\/folders\/1AAnhaVE8pPGQwjoPd6RP15SFb2Jq53rC?usp=drive_link\" target=\"_blank\" rel=\"noreferrer noopener\"><strong>consulter le dossier ici<\/strong><\/a><strong>).<\/strong><\/li>\n<\/ul>\n\n\n\n<hr class=\"wp-block-separator has-alpha-channel-opacity\"\/>\n\n\n\n<ul class=\"wp-block-list\">\n<li><strong>L\u2019association n\u2019est pas oppos\u00e9e aux \u00e9nergies renouvelables, bien au contraire. Mais le projet de centrale photovolta\u00efque flottante sur la r\u00e9serve d\u2019eau potable du Vallon Dol (13014 Marseille), porte en lui de nombreux risques potentiels sur la sant\u00e9 humaine qui doivent absolument \u00eatre \u00e9limin\u00e9s avant d\u2019envisager une quelconque mise en place. Le risque d\u2019ingestion de micro plastiques par 300 000 habitants est grand.<br>Nous avons obtenu que le Pr\u00e9fet ait la communication pr\u00e9alable de la composition des mat\u00e9riaux qui seront utilis\u00e9s pour la centrale flottante, avant toute d\u00e9livrance d\u2019une prochaine autorisation pr\u00e9fectorale d\u2019installation et de fonctionnement de celle-ci. Un comit\u00e9 de suivi mis en place en ao\u00fbt 2023 s\u2019est r\u00e9uni une premi\u00e8re fois pour son installation le 28 03 2024. Un atelier technique a \u00e9t\u00e9 organis\u00e9 par le Promoteur du projet le 9 12 2024. (<\/strong><a href=\"https:\/\/drive.google.com\/drive\/folders\/1wdf3plgMalaXjHmLlu8cy9zH9VRnWdnC?usp=drive_link\" target=\"_blank\" rel=\"noreferrer noopener\"><strong>consulter le dossier ici<\/strong><\/a><strong>)<\/strong><\/li>\n<\/ul>\n\n\n\n<hr class=\"wp-block-separator has-alpha-channel-opacity\"\/>\n\n\n\n<ul class=\"wp-block-list\">\n<li><strong>L\u2019atteinte \u00e0 la nappe phr\u00e9atique devient un enjeu capital : il devient anachronique de gaspiller l\u2019eau de la nappe, avec des rejets (interdits) \u00ab&nbsp;au caniveau&nbsp;\u00bb, par des constructeurs peu soucieux de respecter cette ressource. Nous avons interpel\u00e9 la M\u00e9tropole, la Pr\u00e9fecture et la Ville de Marseille pour r\u00e9aliser des contr\u00f4les et imposer des solutions. Nous souhaitons aider les collectivit\u00e9s \u00e0 freiner les ardeurs des promoteurs ne respectant pas la nappe, pendant la phase travaux, et surtout une fois les immeubles livr\u00e9s (<\/strong><a href=\"https:\/\/drive.google.com\/drive\/folders\/1OxuFBu9m_XOeqakHCJ_PteT6orpD3HcZ?usp=drive_link\" target=\"_blank\" rel=\"noreferrer noopener\"><strong>consulter le dossier ici<\/strong><\/a><strong>) . Nous agissons \u00e9galement \u00e0 titre pr\u00e9ventif quand le permis de construire est affich\u00e9. La d\u00e9marche de notre association, en mati\u00e8re de Permis de construire, n\u2019est pas de bloquer les permis de construire pour emp\u00eacher de b\u00e2tir, mais elle consiste \u00e0 bloquer les permis pour accompagner les Promoteurs dans la r\u00e9alisation de projets plus vertueux pour l\u2019environnement. (<\/strong><a href=\"https:\/\/drive.google.com\/drive\/folders\/18eQ5nbt0yIJkjchiTt49fREBtmqjEJnt?usp=drive_link\" target=\"_blank\" rel=\"noreferrer noopener\"><strong>consulter le dossier ici<\/strong><\/a><strong>)<\/strong><\/li>\n<\/ul>\n\n\n\n<hr class=\"wp-block-separator has-alpha-channel-opacity\"\/>\n\n\n\n<ul class=\"wp-block-list\">\n<li><strong>En janvier 2024, la M\u00e9tropole a demand\u00e9 l\u2019avis des citoyens, \u00e0 travers une concertation portant sur la modification n\u00b04 du PLUI, dont le but \u00e9tait d\u2019ouvrir \u00e0 l\u2019urbanisation ces terrains ex-agricoles (zonage AU). Nous sommes des fervents d\u00e9fenseurs des terres agricoles et ex agricoles qui existent encore dans l\u2019agglom\u00e9ration marseillaise, notamment situ\u00e9s \u00e0 proximit\u00e9 du Canal de Marseille. Ces terrains devraient notamment permettre de contribuer \u00e0 l\u2019autonomie alimentaire locale et participent au maintien de la<br>biodiversit\u00e9 en ville. Le pi\u00e9mont de l\u2019Etoile est particuli\u00e8rement concern\u00e9. Nous avons demand\u00e9 que ces zones AU redeviennent agricoles ou naturelles. La M\u00e9tropole nous a r\u00e9pondu qu\u2019une tr\u00e8s grande majorit\u00e9 des zones AU situ\u00e9es sur les pi\u00e9monts de l\u2019\u00e9toile ont \u00e9t\u00e9 bascul\u00e9es en zone agricole ou naturelle (62,5 ha). Nous continuerons \u00e0 demander ce retour pour les autres terrains non retenus cette fois ci. (<\/strong><a href=\"https:\/\/drive.google.com\/drive\/folders\/1W7ymtBnAhOmLNL1ZzzMSfbtG8zZokXP6?usp=drive_link\" target=\"_blank\" rel=\"noreferrer noopener\"><strong>consulter nos contributions<\/strong><\/a><strong>)<\/strong><\/li>\n<\/ul>\n\n\n\n<hr class=\"wp-block-separator has-alpha-channel-opacity\"\/>\n\n\n\n<p><strong>Nos combats sont ceux de tous les habitants. C\u2019est la raison de notre existence.<br>L\u2019union faisant la force, plus nombreux nous serons, plus nous aurons de chances de nous faire<br>entendre.<\/strong><\/p>\n\n\n\n<p><strong>Alors, n\u2019h\u00e9sitez pas, venez nous soutenir en adh\u00e9rant \u00e0 notre association (<\/strong><a href=\"https:\/\/poumonvertsaintmitre.fr\/index.php\/contact\/\"><strong>ici<\/strong><\/a><strong>)<\/strong><\/p>\n\n\n\n<p><strong>Philippe MUSARELLA, Pr\u00e9sident de l\u2019association du Poumon Vert de Saint-Mitre<\/strong><\/p>\n\n\n\n<p class=\"has-text-color has-link-color wp-elements-2a4c1c5d8449ed84dabfc166a0c55f0b\" style=\"color:#148058\"><strong>Retrouvez dans ce document les combats men\u00e9s par notre association et les raisons pour lesquelles nous sommes motiv\u00e9.e.s \u00e0 les mener !<\/strong><\/p>\n\n\n\n<p><a href=\"https:\/\/drive.google.com\/file\/d\/1sSSkzk-lqKqAQ8z3DDJOGlcoO11Gduxj\/view?usp=drive_link\" data-type=\"link\" data-id=\"https:\/\/drive.google.com\/file\/d\/1sSSkzk-lqKqAQ8z3DDJOGlcoO11Gduxj\/view?usp=drive_link\" target=\"_blank\" rel=\"noreferrer noopener\"><strong>Projet Associatif PVSM 2026.pdf<\/strong><\/a><\/p>\n\n\n\n<p><\/p>\n","protected":false},"excerpt":{"rendered":"<p>__________________________________ L\u2019association \u00ab Pour la Sauvegarde et l\u2019Animation du Poumon Vert de Saint Mitre \u00bb est une association de d\u00e9fense de l\u2019Environnement, aux statuts d\u00e9pos\u00e9s en Pr\u00e9fecture le 28 avril 2015, qui a pour but de f\u00e9d\u00e9rer toutes les personnes souhaitant pr\u00e9server, prot\u00e9ger et sauvegarder l\u2019environnement menac\u00e9. Son champ territorial d\u2019action porte sur la zone [&hellip;]<\/p>\n","protected":false},"author":1,"featured_media":0,"parent":0,"menu_order":0,"comment_status":"closed","ping_status":"closed","template":"","meta":{"footnotes":""},"class_list":["post-101","page","type-page","status-publish","hentry"],"_links":{"self":[{"href":"https:\/\/poumonvertsaintmitre.fr\/index.php\/wp-json\/wp\/v2\/pages\/101","targetHints":{"allow":["GET"]}}],"collection":[{"href":"https:\/\/poumonvertsaintmitre.fr\/index.php\/wp-json\/wp\/v2\/pages"}],"about":[{"href":"https:\/\/poumonvertsaintmitre.fr\/index.php\/wp-json\/wp\/v2\/types\/page"}],"author":[{"embeddable":true,"href":"https:\/\/poumonvertsaintmitre.fr\/index.php\/wp-json\/wp\/v2\/users\/1"}],"replies":[{"embeddable":true,"href":"https:\/\/poumonvertsaintmitre.fr\/index.php\/wp-json\/wp\/v2\/comments?post=101"}],"version-history":[{"count":65,"href":"https:\/\/poumonvertsaintmitre.fr\/index.php\/wp-json\/wp\/v2\/pages\/101\/revisions"}],"predecessor-version":[{"id":716,"href":"https:\/\/poumonvertsaintmitre.fr\/index.php\/wp-json\/wp\/v2\/pages\/101\/revisions\/716"}],"wp:attachment":[{"href":"https:\/\/poumonvertsaintmitre.fr\/index.php\/wp-json\/wp\/v2\/media?parent=101"}],"curies":[{"name":"wp","href":"https:\/\/api.w.org\/{rel}","templated":true}]}}